{"id":2,"date":"2010-10-14T01:52:41","date_gmt":"2010-10-14T01:52:41","guid":{"rendered":"http:\/\/sppmonteregiecsn.org\/?page_id=2"},"modified":"2026-03-24T09:45:49","modified_gmt":"2026-03-24T13:45:49","slug":"a-propos","status":"publish","type":"page","link":"https:\/\/sppmonteregiecsn.org\/?page_id=2","title":{"rendered":"Nos repr\u00e9sentants"},"content":{"rendered":"<h2 style=\"text-align: justify;\">Voici les gens qui vous repr\u00e9sentent :<\/h2>\n<h2 style=\"text-align: justify;\"><strong>Votre comit\u00e9 ex\u00e9cutif est compos\u00e9 de:<\/strong><\/h2>\n<ul style=\"text-align: justify;\">\n<li><strong>Ga\u00e9tan Dutil, <\/strong><a href=\"mailto:presidence@sppmonteregiecsn.org\">Pr\u00e9sidence<\/a><\/li>\n<li><strong>Denis Chass\u00e9 et St\u00e9phane Cot\u00e9, <\/strong>Vice-pr\u00e9sidence aux <a href=\"mailto:vprtcoop@gmail.com\" target=\"_blank\" rel=\"noopener\">relations de travail<\/a> Cetam<\/li>\n<li><strong>Andrey B\u00e9langer, <\/strong><a href=\"mailto:tresorerie@sppmonteregiecsn.org\" target=\"_blank\" rel=\"noopener\">Secr\u00e9tariat tr\u00e9sorerie<\/a><\/li>\n<li><strong>Mathieu Lacombe,<\/strong> Vice-pr\u00e9sidence \u00e0 l\u2019information, \u00e0 la <a href=\"mailto:mobilisation@sppmonteregiecsn.org\">mobilisation<\/a>\u00a0et \u00e0 la vie syndicale;<\/li>\n<li><strong>Jonathan Sicheri<\/strong>, Vice-pr\u00e9sidence \u00e0 la <a href=\"mailto:sst@sppmonteregiecsn.org\">pr\u00e9vention et \u00e0 la d\u00e9fense en sant\u00e9-s\u00e9curit\u00e9.<\/a><\/li>\n<li><strong>Yan Martel<\/strong>, Vice-pr\u00e9sidence <a href=\"mailto:vprt.sppm@gmail.com\">aux relations de travail<\/a> secteur priv\u00e9<\/li>\n<\/ul>\n<h2 style=\"text-align: justify;\"><strong>Les d\u00e9l\u00e9gu\u00e9s sont :<\/strong><\/h2>\n<ul>\n<li>Steve L\u00e9vesque-Wheeler (Cowansville)<\/li>\n<li>Marc-Alexandre Robitaille (Waterloo)<\/li>\n<li>Mathieu Morin (Huntingdon)<\/li>\n<li>Fran\u00e7ois Lagac\u00e9 (Demers St-Jean)<\/li>\n<li>\u00c9ric Laquerre (Demers St-Jean)<\/li>\n<li>J\u00e9rome Renaud (Demers St-Jean)<\/li>\n<li>Marco Pelletier (Demers Farnham)<\/li>\n<li>Keven Sicotte (Demers Hemmingford)<\/li>\n<li>Micha\u00ebl C\u00f4t\u00e9 (Napierville)<\/li>\n<li>Antoine Durand (CETAM)<\/li>\n<li>Carole-Anne Binette (CETAM)<\/li>\n<li>Judith Robidoux (CETAM)<\/li>\n<li>Sonia Thykootathil (CETAM)<\/li>\n<li>Maxime B\u00e9langer (CETAM)<\/li>\n<li>Olivier Cadieux (CETAM)<\/li>\n<li>Matthew Planche (CETAM)<\/li>\n<\/ul>\n<p>Le comit\u00e9 de v\u00e9rification est compos\u00e9 de :<\/p>\n<ul style=\"text-align: justify;\">\n<li>Claude Courtemanche<\/li>\n<li>Andr\u00e9-Pierre Huet<\/li>\n<li>Poste Vacant<\/li>\n<\/ul>\n<p>Responsable de la protection des renseignements personnels<\/p>\n<ul>\n<li>Andrey B\u00e9langer<\/li>\n<\/ul>\n<p>N&rsquo;oubliez pas la page des <a href=\"https:\/\/sppmonteregiecsn.org\/?page_id=596\">Contacts<\/a>!<\/p>\n","protected":false},"excerpt":{"rendered":"<p>Voici les gens qui vous repr\u00e9sentent : Votre comit\u00e9 ex\u00e9cutif est compos\u00e9 de: Ga\u00e9tan Dutil, Pr\u00e9sidence Denis Chass\u00e9 et St\u00e9phane Cot\u00e9, Vice-pr\u00e9sidence aux relations de travail Cetam Andrey B\u00e9langer, Secr\u00e9tariat tr\u00e9sorerie Mathieu Lacombe, Vice-pr\u00e9sidence \u00e0 l\u2019information, \u00e0 la mobilisation\u00a0et \u00e0 &hellip; <a href=\"https:\/\/sppmonteregiecsn.org\/?page_id=2\">Continuer la lecture <span class=\"meta-nav\">&rarr;<\/span><\/a><\/p>\n","protected":false},"author":5,"featured_media":0,"parent":0,"menu_order":0,"comment_status":"closed","ping_status":"open","template":"","meta":{"footnotes":""},"class_list":["post-2","page","type-page","status-publish","hentry"],"_links":{"self":[{"href":"https:\/\/sppmonteregiecsn.org\/index.php?rest_route=\/wp\/v2\/pages\/2","targetHints":{"allow":["GET"]}}],"collection":[{"href":"https:\/\/sppmonteregiecsn.org\/index.php?rest_route=\/wp\/v2\/pages"}],"about":[{"href":"https:\/\/sppmonteregiecsn.org\/index.php?rest_route=\/wp\/v2\/types\/page"}],"author":[{"embeddable":true,"href":"https:\/\/sppmonteregiecsn.org\/index.php?rest_route=\/wp\/v2\/users\/5"}],"replies":[{"embeddable":true,"href":"https:\/\/sppmonteregiecsn.org\/index.php?rest_route=%2Fwp%2Fv2%2Fcomments&post=2"}],"version-history":[{"count":94,"href":"https:\/\/sppmonteregiecsn.org\/index.php?rest_route=\/wp\/v2\/pages\/2\/revisions"}],"predecessor-version":[{"id":2407,"href":"https:\/\/sppmonteregiecsn.org\/index.php?rest_route=\/wp\/v2\/pages\/2\/revisions\/2407"}],"wp:attachment":[{"href":"https:\/\/sppmonteregiecsn.org\/index.php?rest_route=%2Fwp%2Fv2%2Fmedia&parent=2"}],"curies":[{"name":"wp","href":"https:\/\/api.w.org\/{rel}","templated":true}]}}